{"id":367,"date":"2023-12-12T15:50:52","date_gmt":"2023-12-12T14:50:52","guid":{"rendered":"https:\/\/location-lac-annecy.fr\/blog\/?page_id=367"},"modified":"2025-02-17T16:20:39","modified_gmt":"2025-02-17T15:20:39","slug":"location-lac-annecy-fr","status":"publish","type":"page","link":"https:\/\/location-lac-annecy.fr\/blog\/location-lac-annecy-fr\/","title":{"rendered":"location-lac-annecy.fr"},"content":{"rendered":"\n<div class=\"wp-block-group titre-home is-content-justification-center is-nowrap is-layout-flex wp-container-core-group-is-layout-d05cb3ef wp-block-group-is-layout-flex\">\n<h1 class=\"wp-block-heading has-text-align-center has-contrast-color has-text-color has-link-color wp-elements-1\" id=\"h-beaute-authentique-bien-etre-naturel-votre-guide-vers-une-vie-harmonieuse\">S\u00e9jours, d\u00e9couvertes et loisirs au bord du lac<\/h1>\n<\/div>\n\n\n<div class=\"gb-container gb-container-d004d49a\">\n<div class=\"gb-container gb-container-5979e1bc\">\n\n<h2 class=\"gb-headline gb-headline-653b8ae5 gb-headline-text\"><a href=\"https:\/\/location-lac-annecy.fr\/blog\/a-la-une\/\">\u00c0 la une<\/a><\/h2>\n\n\n<div class=\"gb-grid-wrapper gb-grid-wrapper-d81475ad\">\n<div class=\"gb-grid-column gb-grid-column-64f4838c\"><div class=\"gb-container gb-container-64f4838c\">\n\n<div class=\"gb-grid-wrapper gb-grid-wrapper-66dae3a3 gb-query-loop-wrapper\">\n<div class=\"gb-grid-column gb-grid-column-f8982118 gb-query-loop-item post-7965 post type-post status-publish format-standard has-post-thumbnail hentry category-a-la-une\"><div class=\"gb-container gb-container-f8982118\"><a class=\"gb-container-link\" href=\"https:\/\/location-lac-annecy.fr\/blog\/a-la-une\/conciergerie-airbnb-a-annecy-deleguer-la-gestion\/\"><\/a>\n<figure class=\"gb-block-image gb-block-image-c648fb85\"><a href=\"https:\/\/location-lac-annecy.fr\/blog\/a-la-une\/conciergerie-airbnb-a-annecy-deleguer-la-gestion\/\"><img loading=\"lazy\" decoding=\"async\" width=\"1200\" height=\"627\" src=\"https:\/\/images.pexels.com\/photos\/26973562\/pexels-photo-26973562.jpeg?auto=compress&amp;cs=tinysrgb&amp;fit=crop&amp;h=627&amp;w=1200\" class=\"gb-image-c648fb85\" alt=\"\" \/><\/a><\/figure>\n\n<div class=\"gb-headline gb-headline-105a8e81 gb-headline-text\"><time class=\"entry-date published\" datetime=\"2026-07-24T10:34:06+02:00\">24 juillet 2026<\/time><\/div>\n\n<h3 class=\"gb-headline gb-headline-d823eb89 gb-headline-text\"><a href=\"https:\/\/location-lac-annecy.fr\/blog\/a-la-une\/conciergerie-airbnb-a-annecy-deleguer-la-gestion\/\">Conciergerie Airbnb \u00e0 Annecy : d\u00e9l\u00e9guer la gestion de votre location<\/a><\/h3>\n\n<p class=\"gb-headline gb-headline-50783b14 gb-headline-text\">\u26a1 En bref Annecy est tr\u00e8s demand\u00e9e en location courte dur\u00e9e, toute l&rsquo;ann\u00e9e. G\u00e9rer un Airbnb en solo (accueil, m\u00e9nage, linge, avis) est chronophage. Une &#8230;<\/p>\n<\/div><\/div>\n<\/div>\n\n<\/div><\/div>\n\n<div class=\"gb-grid-column gb-grid-column-172c2d01\"><div class=\"gb-container gb-container-172c2d01\">\n\n<div class=\"gb-grid-wrapper gb-grid-wrapper-ae4a818a gb-query-loop-wrapper\">\n<div class=\"gb-grid-column gb-grid-column-a5958d80 gb-query-loop-item post-7471 post type-post status-publish format-standard has-post-thumbnail hentry category-a-la-une tag-biodiversite tag-canard tag-ecosysteme tag-lac-dannecy tag-observation tag-plumage\"><div class=\"gb-container gb-container-a5958d80\">\n<div class=\"gb-grid-wrapper gb-grid-wrapper-2316a5ad\">\n<div class=\"gb-grid-column gb-grid-column-f3dccbdb\"><div class=\"gb-container gb-container-f3dccbdb\">\n<figure class=\"gb-block-image gb-block-image-a77e6df6\"><a href=\"https:\/\/location-lac-annecy.fr\/blog\/a-la-une\/decouverte-du-canard-du-lac-dannecy-un-symbole-de-la-biodiversite-alpine\/\"><img loading=\"lazy\" decoding=\"async\" width=\"400\" height=\"225\" src=\"https:\/\/location-lac-annecy.fr\/blog\/wp-content\/uploads\/2025\/02\/stability-decouverte-du-canard-du-lac-dannecy-un-symbole-de-la-biodiversite-alpine.png\" class=\"gb-image-a77e6df6\" alt=\"\" \/><\/a><\/figure>\n<\/div><\/div>\n\n<div class=\"gb-grid-column gb-grid-column-2cddd1f8\"><div class=\"gb-container gb-container-2cddd1f8\">\n<div class=\"gb-headline gb-headline-dcb58340 gb-headline-text\"><time class=\"entry-date published\" datetime=\"2026-06-16T12:01:27+02:00\">16 juin 2026<\/time><\/div>\n\n<h3 class=\"gb-headline gb-headline-23a64d89 gb-headline-text\"><a href=\"https:\/\/location-lac-annecy.fr\/blog\/a-la-une\/decouverte-du-canard-du-lac-dannecy-un-symbole-de-la-biodiversite-alpine\/\">D\u00e9couverte du canard du lac d&rsquo;Annecy : Un symbole de la biodiversit\u00e9 alpine<\/a><\/h3>\n\n<div class=\"gb-container gb-container-5da2d10d\"><\/div>\n<\/div><\/div>\n<\/div>\n<\/div><\/div>\n\n<div class=\"gb-grid-column gb-grid-column-a5958d80 gb-query-loop-item post-7932 post type-post status-publish format-standard has-post-thumbnail hentry category-a-la-une\"><div class=\"gb-container gb-container-a5958d80\">\n<div class=\"gb-grid-wrapper gb-grid-wrapper-2316a5ad\">\n<div class=\"gb-grid-column gb-grid-column-f3dccbdb\"><div class=\"gb-container gb-container-f3dccbdb\">\n<figure class=\"gb-block-image gb-block-image-a77e6df6\"><a href=\"https:\/\/location-lac-annecy.fr\/blog\/a-la-une\/parc-vitam-neydens-parc-aquatique-couvert\/\"><img loading=\"lazy\" decoding=\"async\" width=\"1200\" height=\"627\" src=\"https:\/\/images.pexels.com\/photos\/10602140\/pexels-photo-10602140.jpeg?auto=compress&amp;cs=tinysrgb&amp;fit=crop&amp;h=627&amp;w=1200\" class=\"gb-image-a77e6df6\" alt=\"\" \/><\/a><\/figure>\n<\/div><\/div>\n\n<div class=\"gb-grid-column gb-grid-column-2cddd1f8\"><div class=\"gb-container gb-container-2cddd1f8\">\n<div class=\"gb-headline gb-headline-dcb58340 gb-headline-text\"><time class=\"entry-date published\" datetime=\"2026-06-15T17:02:33+02:00\">15 juin 2026<\/time><\/div>\n\n<h3 class=\"gb-headline gb-headline-23a64d89 gb-headline-text\"><a href=\"https:\/\/location-lac-annecy.fr\/blog\/a-la-une\/parc-vitam-neydens-parc-aquatique-couvert\/\">Parc Vitam : guide complet pour profiter \u00e0 fond du plus grand parc aquatique couvert de France<\/a><\/h3>\n\n<div class=\"gb-container gb-container-5da2d10d\"><\/div>\n<\/div><\/div>\n<\/div>\n<\/div><\/div>\n\n<div class=\"gb-grid-column gb-grid-column-a5958d80 gb-query-loop-item post-7340 post type-post status-publish format-standard has-post-thumbnail hentry category-a-la-une tag-activites-de-plein-air tag-immobilier tag-investissement tag-lac-dannecy tag-marche-dynamique tag-proprietes-de-luxe\"><div class=\"gb-container gb-container-a5958d80\">\n<div class=\"gb-grid-wrapper gb-grid-wrapper-2316a5ad\">\n<div class=\"gb-grid-column gb-grid-column-f3dccbdb\"><div class=\"gb-container gb-container-f3dccbdb\">\n<figure class=\"gb-block-image gb-block-image-a77e6df6\"><a href=\"https:\/\/location-lac-annecy.fr\/blog\/a-la-une\/guide-complet-de-limmobilier-autour-du-lac-dannecy-tout-ce-quil-faut-savoir\/\"><img loading=\"lazy\" decoding=\"async\" width=\"400\" height=\"225\" src=\"https:\/\/location-lac-annecy.fr\/blog\/wp-content\/uploads\/2025\/02\/stability-guide-complet-de-limmobilier-autour-du-lac-dannecy-tout-ce-quil-faut-savoir.png\" class=\"gb-image-a77e6df6\" alt=\"\" \/><\/a><\/figure>\n<\/div><\/div>\n\n<div class=\"gb-grid-column gb-grid-column-2cddd1f8\"><div class=\"gb-container gb-container-2cddd1f8\">\n<div class=\"gb-headline gb-headline-dcb58340 gb-headline-text\"><time class=\"entry-date published\" datetime=\"2026-05-18T16:03:46+02:00\">18 mai 2026<\/time><\/div>\n\n<h3 class=\"gb-headline gb-headline-23a64d89 gb-headline-text\"><a href=\"https:\/\/location-lac-annecy.fr\/blog\/a-la-une\/guide-complet-de-limmobilier-autour-du-lac-dannecy-tout-ce-quil-faut-savoir\/\">Guide complet de l&rsquo;immobilier autour du lac d&rsquo;Annecy : tout ce qu&rsquo;il faut savoir<\/a><\/h3>\n\n<div class=\"gb-container gb-container-5da2d10d\"><\/div>\n<\/div><\/div>\n<\/div>\n<\/div><\/div>\n<\/div>\n\n<\/div><\/div>\n<\/div>\n\n<div class=\"gb-grid-wrapper gb-grid-wrapper-dd363874\">\n<div class=\"gb-grid-column gb-grid-column-6e67919d\"><div class=\"gb-container gb-container-6e67919d\">\n\n<div class=\"gb-grid-wrapper gb-grid-wrapper-498f7d99 gb-query-loop-wrapper\">\n<div class=\"gb-grid-column gb-grid-column-4d5a3bc3 gb-query-loop-item post-7817 post type-post status-publish format-standard has-post-thumbnail hentry category-a-la-une\"><div class=\"gb-container gb-container-4d5a3bc3\">\n<div class=\"gb-grid-wrapper gb-grid-wrapper-c6ab9062\">\n<div class=\"gb-grid-column gb-grid-column-d052f66a\"><div class=\"gb-container gb-container-d052f66a\">\n<figure class=\"gb-block-image gb-block-image-6582076d\"><a href=\"https:\/\/location-lac-annecy.fr\/blog\/a-la-une\/presentation-de-lescape-game-atelier-des-enigmes-dans-la-ville-dannecy\/\"><img loading=\"lazy\" decoding=\"async\" width=\"400\" height=\"167\" src=\"https:\/\/location-lac-annecy.fr\/blog\/wp-content\/uploads\/2026\/05\/sdxl-871efb81cefc7d568cfeff4d0e081acd-scaled.png\" class=\"gb-image-6582076d\" alt=\"\" \/><\/a><\/figure>\n<\/div><\/div>\n\n<div class=\"gb-grid-column gb-grid-column-0827c125\"><div class=\"gb-container gb-container-0827c125\">\n<div class=\"gb-headline gb-headline-e8307352 gb-headline-text\"><time class=\"entry-date published\" datetime=\"2026-05-02T22:38:38+02:00\">2 mai 2026<\/time><\/div>\n\n<h3 class=\"gb-headline gb-headline-599e1526 gb-headline-text\"><a href=\"https:\/\/location-lac-annecy.fr\/blog\/a-la-une\/presentation-de-lescape-game-atelier-des-enigmes-dans-la-ville-dannecy\/\">Pr\u00e9sentation de l\u2019escape game Atelier des \u00c9nigmes dans la ville d\u2019Annecy<\/a><\/h3>\n\n<div class=\"gb-container gb-container-77dbf500\"><\/div>\n<\/div><\/div>\n<\/div>\n<\/div><\/div>\n\n<div class=\"gb-grid-column gb-grid-column-4d5a3bc3 gb-query-loop-item post-7628 post type-post status-publish format-standard has-post-thumbnail hentry category-a-la-une tag-corse-du-sud tag-plages-corse tag-voyage-mediterranee\"><div class=\"gb-container gb-container-4d5a3bc3\">\n<div class=\"gb-grid-wrapper gb-grid-wrapper-c6ab9062\">\n<div class=\"gb-grid-column gb-grid-column-d052f66a\"><div class=\"gb-container gb-container-d052f66a\">\n<figure class=\"gb-block-image gb-block-image-6582076d\"><a href=\"https:\/\/location-lac-annecy.fr\/blog\/a-la-une\/les-plages-incontournables-de-corse-du-sud-pour-une-immersion-mediterraneenne\/\"><img loading=\"lazy\" decoding=\"async\" width=\"400\" height=\"229\" src=\"https:\/\/location-lac-annecy.fr\/blog\/wp-content\/uploads\/2025\/12\/pag-image-69415d2f9c5a4-scaled.png\" class=\"gb-image-6582076d\" alt=\"pag-image-69415d2f9c5a4\" \/><\/a><\/figure>\n<\/div><\/div>\n\n<div class=\"gb-grid-column gb-grid-column-0827c125\"><div class=\"gb-container gb-container-0827c125\">\n<div class=\"gb-headline gb-headline-e8307352 gb-headline-text\"><time class=\"entry-date published\" datetime=\"2026-02-26T09:29:00+01:00\">26 f\u00e9vrier 2026<\/time><\/div>\n\n<h3 class=\"gb-headline gb-headline-599e1526 gb-headline-text\"><a href=\"https:\/\/location-lac-annecy.fr\/blog\/a-la-une\/les-plages-incontournables-de-corse-du-sud-pour-une-immersion-mediterraneenne\/\">Les plages incontournables de Corse du Sud pour une immersion m\u00e9diterran\u00e9enne<\/a><\/h3>\n\n<div class=\"gb-container gb-container-77dbf500\"><\/div>\n<\/div><\/div>\n<\/div>\n<\/div><\/div>\n\n<div class=\"gb-grid-column gb-grid-column-4d5a3bc3 gb-query-loop-item post-7616 post type-post status-publish format-standard has-post-thumbnail hentry category-a-la-une tag-carte-verdon tag-gorges-verdon tag-grand-canyon\"><div class=\"gb-container gb-container-4d5a3bc3\">\n<div class=\"gb-grid-wrapper gb-grid-wrapper-c6ab9062\">\n<div class=\"gb-grid-column gb-grid-column-d052f66a\"><div class=\"gb-container gb-container-d052f66a\">\n<figure class=\"gb-block-image gb-block-image-6582076d\"><a href=\"https:\/\/location-lac-annecy.fr\/blog\/a-la-une\/gorges-du-verdon-carte-et-decouvertes-des-merveilles-de-france\/\"><img loading=\"lazy\" decoding=\"async\" width=\"400\" height=\"229\" src=\"https:\/\/location-lac-annecy.fr\/blog\/wp-content\/uploads\/2025\/12\/pag-image-694159fee846f-scaled.png\" class=\"gb-image-6582076d\" alt=\"pag-image-694159fee846f\" \/><\/a><\/figure>\n<\/div><\/div>\n\n<div class=\"gb-grid-column gb-grid-column-0827c125\"><div class=\"gb-container gb-container-0827c125\">\n<div class=\"gb-headline gb-headline-e8307352 gb-headline-text\"><time class=\"entry-date published\" datetime=\"2026-02-12T09:42:00+01:00\">12 f\u00e9vrier 2026<\/time><\/div>\n\n<h3 class=\"gb-headline gb-headline-599e1526 gb-headline-text\"><a href=\"https:\/\/location-lac-annecy.fr\/blog\/a-la-une\/gorges-du-verdon-carte-et-decouvertes-des-merveilles-de-france\/\">Gorges du Verdon : Carte et d\u00e9couvertes des merveilles de France<\/a><\/h3>\n\n<div class=\"gb-container gb-container-77dbf500\"><\/div>\n<\/div><\/div>\n<\/div>\n<\/div><\/div>\n<\/div>\n\n<\/div><\/div>\n\n<div class=\"gb-grid-column gb-grid-column-2101bea1\"><div class=\"gb-container gb-container-2101bea1\">\n\n<div class=\"gb-grid-wrapper gb-grid-wrapper-160fd551 gb-query-loop-wrapper\">\n<div class=\"gb-grid-column gb-grid-column-749ae451 gb-query-loop-item post-7601 post type-post status-publish format-standard has-post-thumbnail hentry category-a-la-une\"><div class=\"gb-container gb-container-749ae451\">\n<div class=\"gb-grid-wrapper gb-grid-wrapper-7dfc9821\">\n<div class=\"gb-grid-column gb-grid-column-7798f56a\"><div class=\"gb-container gb-container-7798f56a\">\n<figure class=\"gb-block-image gb-block-image-cdfe6aa5\"><a href=\"https:\/\/location-lac-annecy.fr\/blog\/a-la-une\/que-faire-a-annecy\/\"><img loading=\"lazy\" decoding=\"async\" width=\"400\" height=\"167\" src=\"https:\/\/location-lac-annecy.fr\/blog\/wp-content\/uploads\/2026\/01\/sdxl-b3b477dd0da72eec7dd4b31d92e2aac8-scaled.png\" class=\"gb-image-cdfe6aa5\" alt=\"\" \/><\/a><\/figure>\n<\/div><\/div>\n\n<div class=\"gb-grid-column gb-grid-column-9b323f04\"><div class=\"gb-container gb-container-9b323f04\">\n<div class=\"gb-headline gb-headline-46885ce3 gb-headline-text\"><time class=\"entry-date published\" datetime=\"2026-01-26T12:25:13+01:00\">26 janvier 2026<\/time><\/div>\n\n<h3 class=\"gb-headline gb-headline-4aa4fb4a gb-headline-text\"><a href=\"https:\/\/location-lac-annecy.fr\/blog\/a-la-une\/que-faire-a-annecy\/\">Que faire \u00e0 Annecy ?<\/a><\/h3>\n\n<div class=\"gb-container gb-container-758a4726\"><\/div>\n<\/div><\/div>\n<\/div>\n<\/div><\/div>\n\n<div class=\"gb-grid-column gb-grid-column-749ae451 gb-query-loop-item post-7596 post type-post status-publish format-standard has-post-thumbnail hentry category-a-la-une\"><div class=\"gb-container gb-container-749ae451\">\n<div class=\"gb-grid-wrapper gb-grid-wrapper-7dfc9821\">\n<div class=\"gb-grid-column gb-grid-column-7798f56a\"><div class=\"gb-container gb-container-7798f56a\">\n<figure class=\"gb-block-image gb-block-image-cdfe6aa5\"><a href=\"https:\/\/location-lac-annecy.fr\/blog\/a-la-une\/annecy-entre-lac-et-montagnes-un-territoire-aux-mille-decouvertes\/\"><img loading=\"lazy\" decoding=\"async\" width=\"299\" height=\"400\" src=\"https:\/\/location-lac-annecy.fr\/blog\/wp-content\/uploads\/2025\/03\/bd1645a6cdf3674831f792f517d6f92d.png\" class=\"gb-image-cdfe6aa5\" alt=\"\" \/><\/a><\/figure>\n<\/div><\/div>\n\n<div class=\"gb-grid-column gb-grid-column-9b323f04\"><div class=\"gb-container gb-container-9b323f04\">\n<div class=\"gb-headline gb-headline-46885ce3 gb-headline-text\"><time class=\"entry-date published\" datetime=\"2025-03-19T18:46:57+01:00\">19 mars 2025<\/time><\/div>\n\n<h3 class=\"gb-headline gb-headline-4aa4fb4a gb-headline-text\"><a href=\"https:\/\/location-lac-annecy.fr\/blog\/a-la-une\/annecy-entre-lac-et-montagnes-un-territoire-aux-mille-decouvertes\/\">Annecy : entre lac et montagnes, un territoire aux mille d\u00e9couvertes<\/a><\/h3>\n\n<div class=\"gb-container gb-container-758a4726\"><\/div>\n<\/div><\/div>\n<\/div>\n<\/div><\/div>\n\n<div class=\"gb-grid-column gb-grid-column-749ae451 gb-query-loop-item post-7592 post type-post status-publish format-standard has-post-thumbnail hentry category-a-la-une\"><div class=\"gb-container gb-container-749ae451\">\n<div class=\"gb-grid-wrapper gb-grid-wrapper-7dfc9821\">\n<div class=\"gb-grid-column gb-grid-column-7798f56a\"><div class=\"gb-container gb-container-7798f56a\">\n<figure class=\"gb-block-image gb-block-image-cdfe6aa5\"><a href=\"https:\/\/location-lac-annecy.fr\/blog\/a-la-une\/decouvrez-le-camping-ideal-pour-les-amis-des-animaux-en-vendee\/\"><img loading=\"lazy\" decoding=\"async\" width=\"400\" height=\"167\" src=\"https:\/\/location-lac-annecy.fr\/blog\/wp-content\/uploads\/2025\/03\/sdxl-406a15d0348deae2f5931e7473e644cb.png\" class=\"gb-image-cdfe6aa5\" alt=\"\" \/><\/a><\/figure>\n<\/div><\/div>\n\n<div class=\"gb-grid-column gb-grid-column-9b323f04\"><div class=\"gb-container gb-container-9b323f04\">\n<div class=\"gb-headline gb-headline-46885ce3 gb-headline-text\"><time class=\"entry-date published\" datetime=\"2025-03-06T19:32:24+01:00\">6 mars 2025<\/time><\/div>\n\n<h3 class=\"gb-headline gb-headline-4aa4fb4a gb-headline-text\"><a href=\"https:\/\/location-lac-annecy.fr\/blog\/a-la-une\/decouvrez-le-camping-ideal-pour-les-amis-des-animaux-en-vendee\/\">D\u00e9couvrez le camping id\u00e9al pour les amis des animaux en Vend\u00e9e<\/a><\/h3>\n\n<div class=\"gb-container gb-container-758a4726\"><\/div>\n<\/div><\/div>\n<\/div>\n<\/div><\/div>\n<\/div>\n\n<\/div><\/div>\n\n<div class=\"gb-grid-column gb-grid-column-a6ee4012\"><div class=\"gb-container gb-container-a6ee4012\">\n\n<div class=\"gb-grid-wrapper gb-grid-wrapper-d91db76b gb-query-loop-wrapper\">\n<div class=\"gb-grid-column gb-grid-column-a419ee84 gb-query-loop-item post-7459 post type-post status-publish format-standard has-post-thumbnail hentry category-a-la-une tag-activites-exterieures tag-lac-dannecy tag-randonnee tag-tourisme-durable tag-velo tag-voie-verte\"><div class=\"gb-container gb-container-a419ee84\">\n<div class=\"gb-grid-wrapper gb-grid-wrapper-e963acf1\">\n<div class=\"gb-grid-column gb-grid-column-90895b49\"><div class=\"gb-container gb-container-90895b49\">\n<figure class=\"gb-block-image gb-block-image-dd68360f\"><a href=\"https:\/\/location-lac-annecy.fr\/blog\/a-la-une\/decouvrez-la-voie-verte-du-lac-dannecy-un-tresor-naturel-a-explorer\/\"><img loading=\"lazy\" decoding=\"async\" width=\"400\" height=\"225\" src=\"https:\/\/location-lac-annecy.fr\/blog\/wp-content\/uploads\/2025\/02\/stability-decouvrez-la-voie-verte-du-lac-dannecy-un-tresor-naturel-a-explorer.png\" class=\"gb-image-dd68360f\" alt=\"\" \/><\/a><\/figure>\n<\/div><\/div>\n\n<div class=\"gb-grid-column gb-grid-column-b7a5c856\"><div class=\"gb-container gb-container-b7a5c856\">\n<div class=\"gb-headline gb-headline-ceb6c4d4 gb-headline-text\"><time class=\"entry-date published\" datetime=\"2025-02-12T14:20:00+01:00\">12 f\u00e9vrier 2025<\/time><\/div>\n\n<h3 class=\"gb-headline gb-headline-791ea391 gb-headline-text\"><a href=\"https:\/\/location-lac-annecy.fr\/blog\/a-la-une\/decouvrez-la-voie-verte-du-lac-dannecy-un-tresor-naturel-a-explorer\/\">D\u00e9couvrez la voie verte du lac d&rsquo;Annecy : un tr\u00e9sor naturel \u00e0 explorer<\/a><\/h3>\n\n<div class=\"gb-container gb-container-28a6405f\"><\/div>\n<\/div><\/div>\n<\/div>\n<\/div><\/div>\n\n<div class=\"gb-grid-column gb-grid-column-a419ee84 gb-query-loop-item post-7531 post type-post status-publish format-standard has-post-thumbnail hentry category-a-la-une tag-biodiversite tag-detente tag-observation-des-oiseaux tag-oree-du-lac tag-randonnee tag-sports-nautiques\"><div class=\"gb-container gb-container-a419ee84\">\n<div class=\"gb-grid-wrapper gb-grid-wrapper-e963acf1\">\n<div class=\"gb-grid-column gb-grid-column-90895b49\"><div class=\"gb-container gb-container-90895b49\">\n<figure class=\"gb-block-image gb-block-image-dd68360f\"><a href=\"https:\/\/location-lac-annecy.fr\/blog\/a-la-une\/decouvrez-loree-du-lac-dannecy-emerveillement-et-nature-a-chaque-coin\/\"><img loading=\"lazy\" decoding=\"async\" width=\"400\" height=\"225\" src=\"https:\/\/location-lac-annecy.fr\/blog\/wp-content\/uploads\/2025\/02\/stability-decouvrez-loree-du-lac-dannecy-emerveillement-et-nature-a-chaque-coin.png\" class=\"gb-image-dd68360f\" alt=\"\" \/><\/a><\/figure>\n<\/div><\/div>\n\n<div class=\"gb-grid-column gb-grid-column-b7a5c856\"><div class=\"gb-container gb-container-b7a5c856\">\n<div class=\"gb-headline gb-headline-ceb6c4d4 gb-headline-text\"><time class=\"entry-date published\" datetime=\"2025-02-12T13:40:00+01:00\">12 f\u00e9vrier 2025<\/time><\/div>\n\n<h3 class=\"gb-headline gb-headline-791ea391 gb-headline-text\"><a href=\"https:\/\/location-lac-annecy.fr\/blog\/a-la-une\/decouvrez-loree-du-lac-dannecy-emerveillement-et-nature-a-chaque-coin\/\">D\u00e9couvrez l&rsquo;Or\u00e9e du Lac d&rsquo;Annecy : \u00c9merveillement et Nature \u00e0 Chaque Coin<\/a><\/h3>\n\n<div class=\"gb-container gb-container-28a6405f\"><\/div>\n<\/div><\/div>\n<\/div>\n<\/div><\/div>\n\n<div class=\"gb-grid-column gb-grid-column-a419ee84 gb-query-loop-item post-7523 post type-post status-publish format-standard has-post-thumbnail hentry category-a-la-une tag-immobilier tag-investissement tag-lac-dannecy tag-marche tag-opportunites tag-residences-secondaires\"><div class=\"gb-container gb-container-a419ee84\">\n<div class=\"gb-grid-wrapper gb-grid-wrapper-e963acf1\">\n<div class=\"gb-grid-column gb-grid-column-90895b49\"><div class=\"gb-container gb-container-90895b49\">\n<figure class=\"gb-block-image gb-block-image-dd68360f\"><a href=\"https:\/\/location-lac-annecy.fr\/blog\/a-la-une\/guide-complet-pour-investir-dans-limmobilier-au-lac-dannecy\/\"><img loading=\"lazy\" decoding=\"async\" width=\"400\" height=\"225\" src=\"https:\/\/location-lac-annecy.fr\/blog\/wp-content\/uploads\/2025\/02\/stability-guide-complet-pour-investir-dans-limmobilier-au-lac-dannecy.png\" class=\"gb-image-dd68360f\" alt=\"\" \/><\/a><\/figure>\n<\/div><\/div>\n\n<div class=\"gb-grid-column gb-grid-column-b7a5c856\"><div class=\"gb-container gb-container-b7a5c856\">\n<div class=\"gb-headline gb-headline-ceb6c4d4 gb-headline-text\"><time class=\"entry-date published\" datetime=\"2025-02-12T13:20:00+01:00\">12 f\u00e9vrier 2025<\/time><\/div>\n\n<h3 class=\"gb-headline gb-headline-791ea391 gb-headline-text\"><a href=\"https:\/\/location-lac-annecy.fr\/blog\/a-la-une\/guide-complet-pour-investir-dans-limmobilier-au-lac-dannecy\/\">Guide complet pour investir dans l&rsquo;immobilier au lac d&rsquo;Annecy<\/a><\/h3>\n\n<div class=\"gb-container gb-container-28a6405f\"><\/div>\n<\/div><\/div>\n<\/div>\n<\/div><\/div>\n\n<div class=\"gb-grid-column gb-grid-column-a419ee84 gb-query-loop-item post-7525 post type-post status-publish format-standard has-post-thumbnail hentry category-a-la-une tag-activites tag-conseils tag-distance tag-lac-dannecy tag-parcours tag-points-dinteret\"><div class=\"gb-container gb-container-a419ee84\">\n<div class=\"gb-grid-wrapper gb-grid-wrapper-e963acf1\">\n<div class=\"gb-grid-column gb-grid-column-90895b49\"><div class=\"gb-container gb-container-90895b49\">\n<figure class=\"gb-block-image gb-block-image-dd68360f\"><a href=\"https:\/\/location-lac-annecy.fr\/blog\/a-la-une\/decouverte-de-la-distance-autour-du-lac-dannecy-un-parcours-enchanteur\/\"><img loading=\"lazy\" decoding=\"async\" width=\"400\" height=\"225\" src=\"https:\/\/location-lac-annecy.fr\/blog\/wp-content\/uploads\/2025\/02\/stability-decouverte-de-la-distance-autour-du-lac-dannecy-un-parcours-enchanteur.png\" class=\"gb-image-dd68360f\" alt=\"\" \/><\/a><\/figure>\n<\/div><\/div>\n\n<div class=\"gb-grid-column gb-grid-column-b7a5c856\"><div class=\"gb-container gb-container-b7a5c856\">\n<div class=\"gb-headline gb-headline-ceb6c4d4 gb-headline-text\"><time class=\"entry-date published\" datetime=\"2025-02-12T13:00:00+01:00\">12 f\u00e9vrier 2025<\/time><\/div>\n\n<h3 class=\"gb-headline gb-headline-791ea391 gb-headline-text\"><a href=\"https:\/\/location-lac-annecy.fr\/blog\/a-la-une\/decouverte-de-la-distance-autour-du-lac-dannecy-un-parcours-enchanteur\/\">D\u00e9couverte de la distance autour du lac d&rsquo;Annecy : un parcours enchanteur<\/a><\/h3>\n\n<div class=\"gb-container gb-container-28a6405f\"><\/div>\n<\/div><\/div>\n<\/div>\n<\/div><\/div>\n\n<div class=\"gb-grid-column gb-grid-column-a419ee84 gb-query-loop-item post-7376 post type-post status-publish format-standard has-post-thumbnail hentry category-a-la-une tag-crocodile tag-ecosysteme tag-introduction tag-lac-dannecy tag-legende tag-observation\"><div class=\"gb-container gb-container-a419ee84\">\n<div class=\"gb-grid-wrapper gb-grid-wrapper-e963acf1\">\n<div class=\"gb-grid-column gb-grid-column-90895b49\"><div class=\"gb-container gb-container-90895b49\">\n<figure class=\"gb-block-image gb-block-image-dd68360f\"><a href=\"https:\/\/location-lac-annecy.fr\/blog\/a-la-une\/a-la-decouverte-du-crocodile-du-lac-dannecy-un-habitant-fascinant-et-meconnu\/\"><img loading=\"lazy\" decoding=\"async\" width=\"400\" height=\"225\" src=\"https:\/\/location-lac-annecy.fr\/blog\/wp-content\/uploads\/2025\/02\/stability-a-la-decouverte-du-crocodile-du-lac-dannecy-un-habitant-fascinant-et-meconnu.png\" class=\"gb-image-dd68360f\" alt=\"\" \/><\/a><\/figure>\n<\/div><\/div>\n\n<div class=\"gb-grid-column gb-grid-column-b7a5c856\"><div class=\"gb-container gb-container-b7a5c856\">\n<div class=\"gb-headline gb-headline-ceb6c4d4 gb-headline-text\"><time class=\"entry-date published\" datetime=\"2025-02-12T12:40:00+01:00\">12 f\u00e9vrier 2025<\/time><\/div>\n\n<h3 class=\"gb-headline gb-headline-791ea391 gb-headline-text\"><a href=\"https:\/\/location-lac-annecy.fr\/blog\/a-la-une\/a-la-decouverte-du-crocodile-du-lac-dannecy-un-habitant-fascinant-et-meconnu\/\">\u00c0 la d\u00e9couverte du crocodile du lac d&rsquo;Annecy : un habitant fascinant et m\u00e9connu<\/a><\/h3>\n\n<div class=\"gb-container gb-container-28a6405f\"><\/div>\n<\/div><\/div>\n<\/div>\n<\/div><\/div>\n<\/div>\n\n<\/div><\/div>\n\n<div class=\"gb-grid-column gb-grid-column-24890074\"><div class=\"gb-container gb-container-24890074\">\n\n<div class=\"gb-grid-wrapper gb-grid-wrapper-ec0235a6 gb-query-loop-wrapper\">\n<div class=\"gb-grid-column gb-grid-column-1ccb0ed6 gb-query-loop-item post-7413 post type-post status-publish format-standard has-post-thumbnail hentry category-a-la-une tag-activites tag-chalets tag-immobilier tag-investissement tag-lac-dannecy tag-marche\"><div class=\"gb-container gb-container-1ccb0ed6\">\n<div class=\"gb-grid-wrapper gb-grid-wrapper-6660430c\">\n<div class=\"gb-grid-column gb-grid-column-2d91712f\"><div class=\"gb-container gb-container-2d91712f\">\n<figure class=\"gb-block-image gb-block-image-75f32885\"><a href=\"https:\/\/location-lac-annecy.fr\/blog\/a-la-une\/guide-complet-sur-limmobilier-au-lac-dannecy-opportunites-et-tendances\/\"><img loading=\"lazy\" decoding=\"async\" width=\"400\" height=\"225\" src=\"https:\/\/location-lac-annecy.fr\/blog\/wp-content\/uploads\/2025\/02\/stability-guide-complet-sur-limmobilier-au-lac-dannecy-opportunites-et-tendances.png\" class=\"gb-image-75f32885\" alt=\"\" \/><\/a><\/figure>\n<\/div><\/div>\n\n<div class=\"gb-grid-column gb-grid-column-59c2c1b0\"><div class=\"gb-container gb-container-59c2c1b0\">\n<div class=\"gb-headline gb-headline-d4f90dc3 gb-headline-text\"><time class=\"entry-date published\" datetime=\"2025-02-12T12:20:00+01:00\">12 f\u00e9vrier 2025<\/time><\/div>\n\n<h3 class=\"gb-headline gb-headline-52b87be5 gb-headline-text\"><a href=\"https:\/\/location-lac-annecy.fr\/blog\/a-la-une\/guide-complet-sur-limmobilier-au-lac-dannecy-opportunites-et-tendances\/\">Guide complet sur l&rsquo;immobilier au lac d&rsquo;Annecy : opportunit\u00e9s et tendances<\/a><\/h3>\n\n<div class=\"gb-container gb-container-60fcc7a5\"><\/div>\n<\/div><\/div>\n<\/div>\n<\/div><\/div>\n\n<div class=\"gb-grid-column gb-grid-column-1ccb0ed6 gb-query-loop-item post-7535 post type-post status-publish format-standard has-post-thumbnail hentry category-a-la-une tag-activites-nautiques tag-annecy tag-kayak tag-kitesurf tag-paddle tag-wakeboard\"><div class=\"gb-container gb-container-1ccb0ed6\">\n<div class=\"gb-grid-wrapper gb-grid-wrapper-6660430c\">\n<div class=\"gb-grid-column gb-grid-column-2d91712f\"><div class=\"gb-container gb-container-2d91712f\">\n<figure class=\"gb-block-image gb-block-image-75f32885\"><a href=\"https:\/\/location-lac-annecy.fr\/blog\/a-la-une\/decouvrez-laero-lac-annecy-un-paradis-pour-les-amateurs-de-sports-nautiques\/\"><img loading=\"lazy\" decoding=\"async\" width=\"400\" height=\"225\" src=\"https:\/\/location-lac-annecy.fr\/blog\/wp-content\/uploads\/2025\/02\/stability-decouvrez-laero-lac-annecy-un-paradis-pour-les-amateurs-de-sports-nautiques.png\" class=\"gb-image-75f32885\" alt=\"\" \/><\/a><\/figure>\n<\/div><\/div>\n\n<div class=\"gb-grid-column gb-grid-column-59c2c1b0\"><div class=\"gb-container gb-container-59c2c1b0\">\n<div class=\"gb-headline gb-headline-d4f90dc3 gb-headline-text\"><time class=\"entry-date published\" datetime=\"2025-02-12T12:00:00+01:00\">12 f\u00e9vrier 2025<\/time><\/div>\n\n<h3 class=\"gb-headline gb-headline-52b87be5 gb-headline-text\"><a href=\"https:\/\/location-lac-annecy.fr\/blog\/a-la-une\/decouvrez-laero-lac-annecy-un-paradis-pour-les-amateurs-de-sports-nautiques\/\">D\u00e9couvrez l&rsquo;Aero Lac Annecy : un Paradis pour les Amateurs de Sports Nautiques<\/a><\/h3>\n\n<div class=\"gb-container gb-container-60fcc7a5\"><\/div>\n<\/div><\/div>\n<\/div>\n<\/div><\/div>\n\n<div class=\"gb-grid-column gb-grid-column-1ccb0ed6 gb-query-loop-item post-7497 post type-post status-publish format-standard has-post-thumbnail hentry category-a-la-une tag-annecy tag-biodiversite tag-detente tag-oree-du-lac tag-randonnee tag-sports-nautiques\"><div class=\"gb-container gb-container-1ccb0ed6\">\n<div class=\"gb-grid-wrapper gb-grid-wrapper-6660430c\">\n<div class=\"gb-grid-column gb-grid-column-2d91712f\"><div class=\"gb-container gb-container-2d91712f\">\n<figure class=\"gb-block-image gb-block-image-75f32885\"><a href=\"https:\/\/location-lac-annecy.fr\/blog\/a-la-une\/decouvrez-loree-du-lac-annecy-nature-activites-et-emerveillement\/\"><img loading=\"lazy\" decoding=\"async\" width=\"400\" height=\"225\" src=\"https:\/\/location-lac-annecy.fr\/blog\/wp-content\/uploads\/2025\/02\/stability-decouvrez-loree-du-lac-annecy-nature-activites-et-emerveillement.png\" class=\"gb-image-75f32885\" alt=\"\" \/><\/a><\/figure>\n<\/div><\/div>\n\n<div class=\"gb-grid-column gb-grid-column-59c2c1b0\"><div class=\"gb-container gb-container-59c2c1b0\">\n<div class=\"gb-headline gb-headline-d4f90dc3 gb-headline-text\"><time class=\"entry-date published\" datetime=\"2025-02-12T11:40:00+01:00\">12 f\u00e9vrier 2025<\/time><\/div>\n\n<h3 class=\"gb-headline gb-headline-52b87be5 gb-headline-text\"><a href=\"https:\/\/location-lac-annecy.fr\/blog\/a-la-une\/decouvrez-loree-du-lac-annecy-nature-activites-et-emerveillement\/\">D\u00e9couvrez l&rsquo;Oree du Lac Annecy : Nature, Activit\u00e9s et \u00c9merveillement<\/a><\/h3>\n\n<div class=\"gb-container gb-container-60fcc7a5\"><\/div>\n<\/div><\/div>\n<\/div>\n<\/div><\/div>\n\n<div class=\"gb-grid-column gb-grid-column-1ccb0ed6 gb-query-loop-item post-7473 post type-post status-publish format-standard has-post-thumbnail hentry category-a-la-une tag-immobilier tag-investir tag-lac-dannecy tag-maisons-traditionnelles tag-proprietes-de-luxe tag-qualite-de-vie\"><div class=\"gb-container gb-container-1ccb0ed6\">\n<div class=\"gb-grid-wrapper gb-grid-wrapper-6660430c\">\n<div class=\"gb-grid-column gb-grid-column-2d91712f\"><div class=\"gb-container gb-container-2d91712f\">\n<figure class=\"gb-block-image gb-block-image-75f32885\"><a href=\"https:\/\/location-lac-annecy.fr\/blog\/a-la-une\/guide-complet-sur-limmobilier-autour-du-lac-dannecy\/\"><img loading=\"lazy\" decoding=\"async\" width=\"400\" height=\"225\" src=\"https:\/\/location-lac-annecy.fr\/blog\/wp-content\/uploads\/2025\/02\/stability-guide-complet-sur-limmobilier-autour-du-lac-dannecy.png\" class=\"gb-image-75f32885\" alt=\"\" \/><\/a><\/figure>\n<\/div><\/div>\n\n<div class=\"gb-grid-column gb-grid-column-59c2c1b0\"><div class=\"gb-container gb-container-59c2c1b0\">\n<div class=\"gb-headline gb-headline-d4f90dc3 gb-headline-text\"><time class=\"entry-date published\" datetime=\"2025-02-12T11:20:00+01:00\">12 f\u00e9vrier 2025<\/time><\/div>\n\n<h3 class=\"gb-headline gb-headline-52b87be5 gb-headline-text\"><a href=\"https:\/\/location-lac-annecy.fr\/blog\/a-la-une\/guide-complet-sur-limmobilier-autour-du-lac-dannecy\/\">Guide complet sur l&rsquo;immobilier autour du lac d&rsquo;Annecy<\/a><\/h3>\n\n<div class=\"gb-container gb-container-60fcc7a5\"><\/div>\n<\/div><\/div>\n<\/div>\n<\/div><\/div>\n\n<div class=\"gb-grid-column gb-grid-column-1ccb0ed6 gb-query-loop-item post-7439 post type-post status-publish format-standard has-post-thumbnail hentry category-a-la-une tag-alpes tag-cyclisme tag-evenement tag-parcours tag-preparation tag-scott-cimes\"><div class=\"gb-container gb-container-1ccb0ed6\">\n<div class=\"gb-grid-wrapper gb-grid-wrapper-6660430c\">\n<div class=\"gb-grid-column gb-grid-column-2d91712f\"><div class=\"gb-container gb-container-2d91712f\">\n<figure class=\"gb-block-image gb-block-image-75f32885\"><a href=\"https:\/\/location-lac-annecy.fr\/blog\/a-la-une\/decouvrez-la-cyclosportive-scott-cimes-du-lac-dannecy-un-defi-a-ne-pas-manquer\/\"><img loading=\"lazy\" decoding=\"async\" width=\"400\" height=\"225\" src=\"https:\/\/location-lac-annecy.fr\/blog\/wp-content\/uploads\/2025\/02\/stability-decouvrez-la-cyclosportive-scott-cimes-du-lac-dannecy-un-defi-a-ne-pas-manquer.png\" class=\"gb-image-75f32885\" alt=\"\" \/><\/a><\/figure>\n<\/div><\/div>\n\n<div class=\"gb-grid-column gb-grid-column-59c2c1b0\"><div class=\"gb-container gb-container-59c2c1b0\">\n<div class=\"gb-headline gb-headline-d4f90dc3 gb-headline-text\"><time class=\"entry-date published\" datetime=\"2025-02-11T14:20:00+01:00\">11 f\u00e9vrier 2025<\/time><\/div>\n\n<h3 class=\"gb-headline gb-headline-52b87be5 gb-headline-text\"><a href=\"https:\/\/location-lac-annecy.fr\/blog\/a-la-une\/decouvrez-la-cyclosportive-scott-cimes-du-lac-dannecy-un-defi-a-ne-pas-manquer\/\">D\u00e9couvrez la cyclosportive Scott Cimes du Lac d&rsquo;Annecy : un d\u00e9fi \u00e0 ne pas manquer !<\/a><\/h3>\n\n<div class=\"gb-container gb-container-60fcc7a5\"><\/div>\n<\/div><\/div>\n<\/div>\n<\/div><\/div>\n<\/div>\n\n<\/div><\/div>\n<\/div>\n<\/div>\n<\/div>\n\n\n<p class=\"wp-block-paragraph\"><\/p>\n","protected":false},"excerpt":{"rendered":"","protected":false},"author":34,"featured_media":0,"parent":0,"menu_order":0,"comment_status":"closed","ping_status":"closed","template":"","meta":{"_acf_changed":false,"manual_indexmenow":false,"indexmenow_id_project":0,"footnotes":""},"class_list":["post-367","page","type-page","status-publish"],"acf":[],"yoast_head":"<!-- This site is optimized with the Yoast SEO Premium plugin v21.3 (Yoast SEO v26.5) - https:\/\/yoast.com\/wordpress\/plugins\/seo\/ -->\n<title>Location Lac Annecy, vivez l\u2019exp\u00e9rience alpine<\/title>\n<meta name=\"description\" content=\"Location Lac Annecy vous ouvre les portes d\u2019un s\u00e9jour inoubliable au c\u0153ur des Alpes.\" \/>\n<meta name=\"robots\" content=\"index, follow, max-snippet:-1, max-image-preview:large, max-video-preview:-1\" \/>\n<link rel=\"canonical\" href=\"https:\/\/location-lac-annecy.fr\/blog\/location-lac-annecy-fr\/\" \/>\n<meta property=\"og:locale\" content=\"fr_FR\" \/>\n<meta property=\"og:type\" content=\"article\" \/>\n<meta property=\"og:title\" content=\"Location Lac Annecy, vivez l\u2019exp\u00e9rience alpine\" \/>\n<meta property=\"og:description\" content=\"Location Lac Annecy vous ouvre les portes d\u2019un s\u00e9jour inoubliable au c\u0153ur des Alpes.\" \/>\n<meta property=\"og:url\" content=\"https:\/\/location-lac-annecy.fr\/blog\/location-lac-annecy-fr\/\" \/>\n<meta property=\"og:site_name\" content=\"location-lac-annecy\" \/>\n<meta name=\"twitter:card\" content=\"summary_large_image\" \/>\n<script type=\"application\/ld+json\" class=\"yoast-schema-graph\">{\"@context\":\"https:\/\/schema.org\",\"@graph\":[{\"@type\":\"WebPage\",\"@id\":\"https:\/\/location-lac-annecy.fr\/blog\/location-lac-annecy-fr\/\",\"url\":\"https:\/\/location-lac-annecy.fr\/blog\/location-lac-annecy-fr\/\",\"name\":\"Location Lac Annecy, vivez l\u2019exp\u00e9rience alpine\",\"isPartOf\":{\"@id\":\"https:\/\/location-lac-annecy.fr\/blog\/#website\"},\"datePublished\":\"2023-12-12T14:50:52+00:00\",\"dateModified\":\"2025-02-17T15:20:39+00:00\",\"description\":\"Location Lac Annecy vous ouvre les portes d\u2019un s\u00e9jour inoubliable au c\u0153ur des Alpes.\",\"inLanguage\":\"fr-FR\",\"potentialAction\":[{\"@type\":\"ReadAction\",\"target\":[\"https:\/\/location-lac-annecy.fr\/blog\/location-lac-annecy-fr\/\"]}]},{\"@type\":\"WebSite\",\"@id\":\"https:\/\/location-lac-annecy.fr\/blog\/#website\",\"url\":\"https:\/\/location-lac-annecy.fr\/blog\/\",\"name\":\"Lac d\\\\u2019Annecy\",\"description\":\"D\u00e9couvrez Annecy, vivez l\u2019exception.\",\"publisher\":{\"@id\":\"https:\/\/location-lac-annecy.fr\/blog\/#organization\"},\"alternateName\":\"D\u00e9couvrez Annecy, vivez l\u2019exception.\",\"potentialAction\":[{\"@type\":\"SearchAction\",\"target\":{\"@type\":\"EntryPoint\",\"urlTemplate\":\"https:\/\/location-lac-annecy.fr\/blog\/?s={search_term_string}\"},\"query-input\":{\"@type\":\"PropertyValueSpecification\",\"valueRequired\":true,\"valueName\":\"search_term_string\"}}],\"inLanguage\":\"fr-FR\"},{\"@type\":[\"Organization\",\"NewsMediaOrganization\"],\"@id\":\"https:\/\/location-lac-annecy.fr\/blog\/#organization\",\"name\":\"Lac d\\\\u2019Annecy\",\"alternateName\":\"Lac d\\\\u2019Annecy \u2014 Le carnet du territoire\",\"url\":\"https:\/\/location-lac-annecy.fr\/blog\/\",\"logo\":{\"@type\":\"ImageObject\",\"inLanguage\":\"fr-FR\",\"@id\":\"https:\/\/location-lac-annecy.fr\/blog\/#\/schema\/logo\/image\/\",\"url\":\"https:\/\/location-lac-annecy.fr\/blog\/wp-content\/uploads\/2024\/12\/cropped-Location-Lac-Annecy.png\",\"contentUrl\":\"https:\/\/location-lac-annecy.fr\/blog\/wp-content\/uploads\/2024\/12\/cropped-Location-Lac-Annecy.png\",\"width\":500,\"height\":348,\"caption\":\"Lac d\\\\u2019Annecy\"},\"image\":{\"@id\":\"https:\/\/location-lac-annecy.fr\/blog\/#\/schema\/logo\/image\/\"},\"publishingPrinciples\":\"https:\/\/location-lac-annecy.fr\/blog\/charte-editoriale\/\",\"ethicsPolicy\":\"https:\/\/location-lac-annecy.fr\/blog\/charte-editoriale\/\",\"actionableFeedbackPolicy\":\"https:\/\/location-lac-annecy.fr\/blog\/contact\/\",\"foundingDate\":\"2024-12-01\"}]}<\/script>\n<!-- \/ Yoast SEO Premium plugin. -->","yoast_head_json":{"title":"Location Lac Annecy, vivez l\u2019exp\u00e9rience alpine","description":"Location Lac Annecy vous ouvre les portes d\u2019un s\u00e9jour inoubliable au c\u0153ur des Alpes.","robots":{"index":"index","follow":"follow","max-snippet":"max-snippet:-1","max-image-preview":"max-image-preview:large","max-video-preview":"max-video-preview:-1"},"canonical":"https:\/\/location-lac-annecy.fr\/blog\/location-lac-annecy-fr\/","og_locale":"fr_FR","og_type":"article","og_title":"Location Lac Annecy, vivez l\u2019exp\u00e9rience alpine","og_description":"Location Lac Annecy vous ouvre les portes d\u2019un s\u00e9jour inoubliable au c\u0153ur des Alpes.","og_url":"https:\/\/location-lac-annecy.fr\/blog\/location-lac-annecy-fr\/","og_site_name":"location-lac-annecy","twitter_card":"summary_large_image","schema":{"@context":"https:\/\/schema.org","@graph":[{"@type":"WebPage","@id":"https:\/\/location-lac-annecy.fr\/blog\/location-lac-annecy-fr\/","url":"https:\/\/location-lac-annecy.fr\/blog\/location-lac-annecy-fr\/","name":"Location Lac Annecy, vivez l\u2019exp\u00e9rience alpine","isPartOf":{"@id":"https:\/\/location-lac-annecy.fr\/blog\/#website"},"datePublished":"2023-12-12T14:50:52+00:00","dateModified":"2025-02-17T15:20:39+00:00","description":"Location Lac Annecy vous ouvre les portes d\u2019un s\u00e9jour inoubliable au c\u0153ur des Alpes.","inLanguage":"fr-FR","potentialAction":[{"@type":"ReadAction","target":["https:\/\/location-lac-annecy.fr\/blog\/location-lac-annecy-fr\/"]}]},{"@type":"WebSite","@id":"https:\/\/location-lac-annecy.fr\/blog\/#website","url":"https:\/\/location-lac-annecy.fr\/blog\/","name":"Lac d\\u2019Annecy","description":"D\u00e9couvrez Annecy, vivez l\u2019exception.","publisher":{"@id":"https:\/\/location-lac-annecy.fr\/blog\/#organization"},"alternateName":"D\u00e9couvrez Annecy, vivez l\u2019exception.","potentialAction":[{"@type":"SearchAction","target":{"@type":"EntryPoint","urlTemplate":"https:\/\/location-lac-annecy.fr\/blog\/?s={search_term_string}"},"query-input":{"@type":"PropertyValueSpecification","valueRequired":true,"valueName":"search_term_string"}}],"inLanguage":"fr-FR"},{"@type":["Organization","NewsMediaOrganization"],"@id":"https:\/\/location-lac-annecy.fr\/blog\/#organization","name":"Lac d\\u2019Annecy","alternateName":"Lac d\\u2019Annecy \u2014 Le carnet du territoire","url":"https:\/\/location-lac-annecy.fr\/blog\/","logo":{"@type":"ImageObject","inLanguage":"fr-FR","@id":"https:\/\/location-lac-annecy.fr\/blog\/#\/schema\/logo\/image\/","url":"https:\/\/location-lac-annecy.fr\/blog\/wp-content\/uploads\/2024\/12\/cropped-Location-Lac-Annecy.png","contentUrl":"https:\/\/location-lac-annecy.fr\/blog\/wp-content\/uploads\/2024\/12\/cropped-Location-Lac-Annecy.png","width":500,"height":348,"caption":"Lac d\\u2019Annecy"},"image":{"@id":"https:\/\/location-lac-annecy.fr\/blog\/#\/schema\/logo\/image\/"},"publishingPrinciples":"https:\/\/location-lac-annecy.fr\/blog\/charte-editoriale\/","ethicsPolicy":"https:\/\/location-lac-annecy.fr\/blog\/charte-editoriale\/","actionableFeedbackPolicy":"https:\/\/location-lac-annecy.fr\/blog\/contact\/","foundingDate":"2024-12-01"}]}},"_links":{"self":[{"href":"https:\/\/location-lac-annecy.fr\/blog\/wp-json\/wp\/v2\/pages\/367","targetHints":{"allow":["GET"]}}],"collection":[{"href":"https:\/\/location-lac-annecy.fr\/blog\/wp-json\/wp\/v2\/pages"}],"about":[{"href":"https:\/\/location-lac-annecy.fr\/blog\/wp-json\/wp\/v2\/types\/page"}],"author":[{"embeddable":true,"href":"https:\/\/location-lac-annecy.fr\/blog\/wp-json\/wp\/v2\/users\/34"}],"replies":[{"embeddable":true,"href":"https:\/\/location-lac-annecy.fr\/blog\/wp-json\/wp\/v2\/comments?post=367"}],"version-history":[{"count":63,"href":"https:\/\/location-lac-annecy.fr\/blog\/wp-json\/wp\/v2\/pages\/367\/revisions"}],"predecessor-version":[{"id":7337,"href":"https:\/\/location-lac-annecy.fr\/blog\/wp-json\/wp\/v2\/pages\/367\/revisions\/7337"}],"wp:attachment":[{"href":"https:\/\/location-lac-annecy.fr\/blog\/wp-json\/wp\/v2\/media?parent=367"}],"curies":[{"name":"wp","href":"https:\/\/api.w.org\/{rel}","templated":true}]}}